{"id":102,"date":"2021-06-30T11:15:38","date_gmt":"2021-06-30T09:15:38","guid":{"rendered":"http:\/\/wckik.pl\/wp\/?page_id=102"},"modified":"2026-04-22T10:10:01","modified_gmt":"2026-04-22T08:10:01","slug":"szczecin","status":"publish","type":"page","link":"https:\/\/wckik.pl\/wp\/ts\/szczecin\/","title":{"rendered":"TS Szczecin"},"content":{"rendered":"<p>[et_pb_section fb_built=&#8221;1&#8243; specialty=&#8221;on&#8221; _builder_version=&#8221;4.27.4&#8243; _module_preset=&#8221;default&#8221; background_color=&#8221;#f5f1ef&#8221; background_enable_image=&#8221;off&#8221; parallax=&#8221;on&#8221; background_blend=&#8221;soft-light&#8221; custom_padding=&#8221;2px||2px|||&#8221; locked=&#8221;off&#8221; global_colors_info=&#8221;{}&#8221;][et_pb_column type=&#8221;3_4&#8243; specialty_columns=&#8221;3&#8243; _builder_version=&#8221;4.16&#8243; custom_padding=&#8221;|||&#8221; global_colors_info=&#8221;{}&#8221; custom_padding__hover=&#8221;|||&#8221;][et_pb_row_inner _builder_version=&#8221;4.27.4&#8243; _module_preset=&#8221;default&#8221; custom_padding=&#8221;25px||12px||false|false&#8221; global_colors_info=&#8221;{}&#8221;][et_pb_column_inner saved_specialty_column_type=&#8221;3_4&#8243; _builder_version=&#8221;4.27.4&#8243; _module_preset=&#8221;default&#8221; global_colors_info=&#8221;{}&#8221;][et_pb_text _builder_version=&#8221;4.27.4&#8243; _module_preset=&#8221;default&#8221; global_colors_info=&#8221;{}&#8221;]<\/p>\n<h1><em><strong>Terenowa Stacja Szczecin<\/strong><\/em><\/h1>\n<p><b>Wojskowe Centrum Krwiodawstwa i Krwiolecznictwa SPZOZ<br \/><\/b>71-422 Szczecin<br \/>ul. Piotra Skargi 8<\/p>\n<p>czynne od poniedzia\u0142ku do pi\u0105tku<br \/>w godzinach<strong> 7:30 &#8211; 15:05<\/strong><br \/>rejestracja dawc\u00f3w <strong>7:30 &#8211; 12:00<\/strong><\/p>\n<p><strong>Uprzejmie informujemy, \u017ce w zwi\u0105zku z realizacj\u0105 inwestycji na terenie szpitala, wjazd przez bram\u0119 gospodarcz\u0105 oraz parkowanie na terenie szpitala b\u0119d\u0105 niedost\u0119pne od dnia 14 kwietnia 2025 roku do odwo\u0142ania.<\/strong><br \/><strong>Dzi\u0119kujemy za zrozumienie i przepraszamy za wszelkie niedogodno\u015bci, kt\u00f3re mog\u0105 wynikn\u0105\u0107 z tej sytuacji.<\/strong><\/p>\n<p>[\/et_pb_text][et_pb_text _builder_version=&#8221;4.27.5&#8243; _module_preset=&#8221;default&#8221; hover_enabled=&#8221;0&#8243; global_colors_info=&#8221;{}&#8221; sticky_enabled=&#8221;0&#8243;]<\/p>\n<p><strong><span style=\"color: #ff0000;\"><\/span><\/strong><\/p>\n<p><span style=\"color: #ff0000;\"><strong>UWAGA: W dniach 20.04.2026 oraz 30.04.2026 Stacja nie prowadzi poboru krwi. Za utrudnienia przepraszamy.<\/strong><\/span><\/p>\n<p><strong><span style=\"color: #ff0000;\">UWAGA: Krwiodawcy z grupami krwi AB Rh + i AB Rh- od dnia 22.04.2026 r. do odwo\u0142ania proszeni s\u0105 o kontakt z rejestracj\u0105 TS w Szczecinie w kwestii um\u00f3wienia wizyty w Stacji.<\/span><\/strong><\/p>\n<p><strong><span style=\"color: #ff0000;\">UWAGA: W zwi\u0105zku ze zwi\u0119kszonym zapotrzebowaniem prosimy o oddawanie krwi gr. ARh-, BRh- oraz 0Rh-<\/span><\/strong><\/p>\n<p>[\/et_pb_text][et_pb_text _builder_version=&#8221;4.27.4&#8243; _module_preset=&#8221;default&#8221; global_colors_info=&#8221;{}&#8221;]<\/p>\n<hr style=\"height: 3px; background-color: #aaa; border: none;\" \/>\n<h3><b>Telefony kontaktowe:<\/b><\/h3>\n<p><strong>261 455 544 &#8211; Rejestracja dawc\u00f3w<\/strong><\/p>\n<p>261 455 642 &#8211; kierownik TS WCKiK Szczecin &#8211; pp\u0142k lek. Arkadiusz SZYMCZAK<\/p>\n<p><b>Ekspedycja &#8211; 261 455 643<\/b>\u00a0(ca\u0142odobowo)<\/p>\n<p>e-mail: szczecin@wckik.pl<\/p>\n<p>www.szczecin.wckik.pl<\/p>\n<hr style=\"height: 3px; background-color: #aaa; border: none;\" \/>[\/et_pb_text][et_pb_text _builder_version=&#8221;4.27.4&#8243; _module_preset=&#8221;default&#8221; global_colors_info=&#8221;{}&#8221;]<\/p>\n<h3>Stan zapas\u00f3w krwi:<\/h3>\n<p>[\/et_pb_text][et_pb_code _builder_version=&#8221;4.27.4&#8243; _module_preset=&#8221;default&#8221; global_colors_info=&#8221;{}&#8221;]<table>\r\n<tr>\r\n<td>A<sub>Rh+ <img align='middle' src='\/images\/stan\/1.png' width=40 height=40><\/td>\r\n<td>B<sub>Rh+ <img align='middle' src='\/images\/stan\/2.png' width=40 height=40><\/td>\r\n<td>AB<sub>Rh+ <img align='middle' src='\/images\/stan\/3.png' width=40 height=40><\/td>\r\n<td>0<sub>Rh+ <img align='middle' src='\/images\/stan\/3.png' width=40 height=40><\/td>\r\n<\/tr>\r\n<tr>\r\n<td>A<sub>Rh- <img align='middle' src='\/images\/stan\/2.png' width=40 height=40><\/td>\r\n<td>B<sub>Rh- <img align='middle' src='\/images\/stan\/3.png' width=40 height=40><\/td>\r\n<td>AB<sub>Rh- <img align='middle' src='\/images\/stan\/3.png' width=40 height=40><\/td>\r\n<td>0<sub>Rh- <img align='middle' src='\/images\/stan\/2.png' width=40 height=40><\/td>\r\n<\/tr>\r\n<\/table>\r\n<p style='font-size:10px;'>(Aktualizacja:22\/4\/2026 | 8:02:37)<\/p>\r\n[\/et_pb_code][et_pb_text _builder_version=&#8221;4.27.5&#8243; _module_preset=&#8221;default&#8221; global_colors_info=&#8221;{}&#8221;]<\/p>\n<hr style=\"height: 3px; background-color: #aaa; border: none;\" \/>\n<h3>Ekipy wyjazdowe:<\/h3>\n<table>\n<tbody>\n<tr>\n<td style=\"width: 25.8px;\"><strong>Lp<\/strong>.<\/td>\n<td style=\"width: 408.15px;\"><strong>Miejsce przeprowadzenia ekipowego poboru krwi<\/strong><\/td>\n<td style=\"width: 95.1667px;\"><strong>Data<\/strong><\/td>\n<td style=\"width: 216.4px;\"><strong>Realizacja poboru w Stacji<\/strong><\/td>\n<\/tr>\n<tr>\n<td style=\"width: 25.8px;\">1<\/td>\n<td style=\"width: 408.15px;\">Politechnika Morska w Szczecinie, ul. Wa\u0142y Chrobrego 1\/2 Szczecin (PO)<\/td>\n<td style=\"width: 95.1667px;\">24.04.2026 r.<\/td>\n<td style=\"width: 216.4px;\">TAK<\/td>\n<\/tr>\n<\/tbody>\n<\/table>\n<p>[\/et_pb_text][et_pb_text _builder_version=&#8221;4.27.4&#8243; _module_preset=&#8221;default&#8221; custom_margin=&#8221;20px||||false|false&#8221; custom_css_free_form=&#8221;table, tr, td {||  border: 2px dotted black;||}&#8221; global_colors_info=&#8221;{}&#8221;]<\/p>\n<h3><strong>Galeria zdj\u0119\u0107:<\/strong><\/h3>\n<p>[\/et_pb_text][et_pb_code _builder_version=&#8221;4.27.4&#8243; _module_preset=&#8221;default&#8221; global_colors_info=&#8221;{}&#8221;]ngg_shortcode_0_placeholder[\/et_pb_code][\/et_pb_column_inner][\/et_pb_row_inner][\/et_pb_column][et_pb_column type=&#8221;1_4&#8243; _builder_version=&#8221;4.16&#8243; custom_padding=&#8221;|||&#8221; global_colors_info=&#8221;{}&#8221; custom_padding__hover=&#8221;|||&#8221;][et_pb_text _builder_version=&#8221;4.27.4&#8243; _module_preset=&#8221;default&#8221; custom_margin=&#8221;||0px||false|false&#8221; global_colors_info=&#8221;{}&#8221;]<\/p>\n<h3>Najbli\u017csze ekipy:<\/h3>\n<p>[\/et_pb_text][decm_event_display date_detail_label=&#8221;Data&#8221; date_format=&#8221;D d-M-Y&#8221; show_end_date=&#8221;off&#8221; show_time=&#8221;off&#8221; venue_detail_label=&#8221;Miejsce:&#8221; show_price=&#8221;off&#8221; show_price_ticket=&#8221;off&#8221; show_rsvp_feed=&#8221;off&#8221; show_category=&#8221;off&#8221; show_tag=&#8221;off&#8221; show_excerpt=&#8221;off&#8221; show_detail=&#8221;off&#8221; show_icon_label=&#8221;icon&#8221; event_count=&#8221;3&#8243; columns=&#8221;1&#8243; details_link_color=&#8221;#E02B20&#8243; single_event_page_link=&#8221;disable_link&#8221; _builder_version=&#8221;4.27.4&#8243; _module_preset=&#8221;default&#8221; callout_date_text_color=&#8221;#d90429&#8243; global_colors_info=&#8221;{}&#8221;][\/decm_event_display][et_pb_text _builder_version=&#8221;4.27.4&#8243; _module_preset=&#8221;default&#8221; custom_margin=&#8221;||0px||false|false&#8221; link_option_url=&#8221;https:\/\/wckik.pl\/wp\/ekipy\/&#8221; global_colors_info=&#8221;{}&#8221;]<\/p>\n<h3>Kalendarz ekip:<\/h3>\n<p>[\/et_pb_text][et_pb_icon font_icon=&#8221;&#xf073;||fa||900&#8243; icon_color=&#8221;#d90429&#8243; icon_width=&#8221;61px&#8221; url=&#8221;https:\/\/wckik.pl\/wp\/ekipy\/&#8221; _builder_version=&#8221;4.27.4&#8243; _module_preset=&#8221;default&#8221; custom_margin=&#8221;||25px||false|false&#8221; global_colors_info=&#8221;{}&#8221;][\/et_pb_icon][et_pb_text _builder_version=&#8221;4.27.4&#8243; _module_preset=&#8221;default&#8221; custom_margin=&#8221;0px||0px||false|false&#8221; global_colors_info=&#8221;{}&#8221;]<\/p>\n<h3>Terenowe Stacje:<\/h3>\n<p>[\/et_pb_text][et_pb_menu menu_id=&#8221;4&#8243; submenu_direction=&#8221;upwards&#8221; show_cart_icon_last_edited=&#8221;off|desktop&#8221; admin_label=&#8221;Terenowe Stacje&#8221; _builder_version=&#8221;4.27.4&#8243; _module_preset=&#8221;default&#8221; menu_font_size=&#8221;17px&#8221; menu_line_height=&#8221;1.1em&#8221; background_color=&#8221;#f5f1ef&#8221; global_colors_info=&#8221;{}&#8221;][\/et_pb_menu][et_pb_text _builder_version=&#8221;4.27.4&#8243; _module_preset=&#8221;default&#8221; global_colors_info=&#8221;{}&#8221;]<\/p>\n<p><span style=\"color: #dd0000; font-size: 24px;\"><a style=\"color: #dd0000 !important; font-weight: bold;\" href=\"https:\/\/wckik.pl\/wp\/praca\/\">Oferty Pracy<\/a><\/span><\/p>\n<p>[\/et_pb_text][et_pb_text _builder_version=&#8221;4.27.4&#8243; _module_preset=&#8221;default&#8221; custom_margin=&#8221;||0px||false|false&#8221; global_colors_info=&#8221;{}&#8221;]<\/p>\n<h4>Poczta:<\/h4>\n<p>[\/et_pb_text][et_pb_icon font_icon=&#8221;&#xf0e0;||fa||900&#8243; icon_color=&#8221;#d90429&#8243; icon_width=&#8221;54px&#8221; url=&#8221;https:\/\/poczta.zenbox.pl\/&#8221; _builder_version=&#8221;4.27.4&#8243; _module_preset=&#8221;default&#8221; custom_margin=&#8221;0px||||false|false&#8221; custom_padding=&#8221;0px||||false|false&#8221; global_colors_info=&#8221;{}&#8221;][\/et_pb_icon][et_pb_text _builder_version=&#8221;4.27.4&#8243; _module_preset=&#8221;default&#8221; global_colors_info=&#8221;{}&#8221;]<\/p>\n<h3>Zam\u00f3wienia publiczne:<\/h3>\n<h5><a href=\"https:\/\/platformazakupowa.pl\/pn\/wckik\"><span style=\"color: #3366ff;\">Platforma Zakupowa.<\/span><\/a><\/h5>\n<h3>Pozosta\u0142e:<\/h3>\n<p><a href=\"https:\/\/wckik.pl\/wp\/deklaracja-dostepnosci\/\">Deklaracja dost\u0119pno\u015bci<\/a><br \/><a href=\"https:\/\/wckik.pl\/wp\/rodo\">RODO<\/a><\/p>\n<p>[\/et_pb_text][et_pb_image src=&#8221;https:\/\/wckik.pl\/wp\/wp-content\/uploads\/2021\/08\/twojakrew-300&#215;125.png&#8221; title_text=&#8221;twojakrew&#8221; url=&#8221;https:\/\/www.twojakrew.pl\/&#8221; _builder_version=&#8221;4.27.4&#8243; _module_preset=&#8221;default&#8221; global_colors_info=&#8221;{}&#8221;][\/et_pb_image][\/et_pb_column][\/et_pb_section][et_pb_section fb_built=&#8221;1&#8243; _builder_version=&#8221;4.27.4&#8243; _module_preset=&#8221;default&#8221; background_color=&#8221;#222222&#8243; custom_padding=&#8221;0px||3px|||&#8221; locked=&#8221;off&#8221; global_colors_info=&#8221;{}&#8221;][et_pb_row column_structure=&#8221;1_6,1_6,1_6,1_6,1_6,1_6&#8243; _builder_version=&#8221;4.27.4&#8243; _module_preset=&#8221;default&#8221; global_colors_info=&#8221;{}&#8221;][et_pb_column type=&#8221;1_6&#8243; _builder_version=&#8221;4.27.4&#8243; _module_preset=&#8221;default&#8221; global_colors_info=&#8221;{}&#8221;][et_pb_image src=&#8221;https:\/\/wckik.pl\/wp\/wp-content\/uploads\/2021\/07\/nck.gif&#8221; title_text=&#8221;nck&#8221; url=&#8221;https:\/\/www.gov.pl\/web\/nck\/&#8221; _builder_version=&#8221;4.27.4&#8243; _module_preset=&#8221;default&#8221; global_colors_info=&#8221;{}&#8221;][\/et_pb_image][\/et_pb_column][et_pb_column type=&#8221;1_6&#8243; _builder_version=&#8221;4.27.4&#8243; _module_preset=&#8221;default&#8221; global_colors_info=&#8221;{}&#8221;][et_pb_image src=&#8221;https:\/\/wckik.pl\/wp\/wp-content\/uploads\/2021\/07\/ihit.gif&#8221; title_text=&#8221;ihit&#8221; url=&#8221;https:\/\/ihit.waw.pl\/&#8221; _builder_version=&#8221;4.27.4&#8243; _module_preset=&#8221;default&#8221; global_colors_info=&#8221;{}&#8221;][\/et_pb_image][\/et_pb_column][et_pb_column type=&#8221;1_6&#8243; _builder_version=&#8221;4.27.4&#8243; _module_preset=&#8221;default&#8221; global_colors_info=&#8221;{}&#8221;][et_pb_image src=&#8221;https:\/\/wckik.pl\/wp\/wp-content\/uploads\/2021\/07\/sg.gif&#8221; title_text=&#8221;sg&#8221; url=&#8221;https:\/\/www.wojsko-polskie.pl\/sgwp\/&#8221; _builder_version=&#8221;4.27.4&#8243; _module_preset=&#8221;default&#8221; global_colors_info=&#8221;{}&#8221;][\/et_pb_image][\/et_pb_column][et_pb_column type=&#8221;1_6&#8243; _builder_version=&#8221;4.27.4&#8243; _module_preset=&#8221;default&#8221; global_colors_info=&#8221;{}&#8221;][et_pb_image src=&#8221;https:\/\/wckik.pl\/wp\/wp-content\/uploads\/2021\/07\/mon.gif&#8221; title_text=&#8221;mon&#8221; url=&#8221;https:\/\/www.gov.pl\/web\/obrona-narodowa&#8221; _builder_version=&#8221;4.27.4&#8243; _module_preset=&#8221;default&#8221; global_colors_info=&#8221;{}&#8221;][\/et_pb_image][\/et_pb_column][et_pb_column type=&#8221;1_6&#8243; _builder_version=&#8221;4.27.4&#8243; _module_preset=&#8221;default&#8221; global_colors_info=&#8221;{}&#8221;][et_pb_image src=&#8221;https:\/\/wckik.pl\/wp\/wp-content\/uploads\/2021\/07\/pck.gif&#8221; title_text=&#8221;pck&#8221; _builder_version=&#8221;4.27.4&#8243; _module_preset=&#8221;default&#8221; custom_padding=&#8221;|61px||||&#8221; global_colors_info=&#8221;{}&#8221;][\/et_pb_image][\/et_pb_column][et_pb_column type=&#8221;1_6&#8243; _builder_version=&#8221;4.27.4&#8243; _module_preset=&#8221;default&#8221; global_colors_info=&#8221;{}&#8221;][et_pb_image src=&#8221;https:\/\/wckik.pl\/wp\/wp-content\/uploads\/2024\/05\/slajd_formatka-300&#215;169.jpg&#8221; title_text=&#8221;slajd_formatka&#8221; url=&#8221;https:\/\/wckik.pl\/wp\/e-krew\/&#8221; _builder_version=&#8221;4.27.4&#8243; _module_preset=&#8221;default&#8221; locked=&#8221;off&#8221; global_colors_info=&#8221;{}&#8221;][\/et_pb_image][\/et_pb_column][\/et_pb_row][\/et_pb_section]<\/p>\n","protected":false},"excerpt":{"rendered":"<p>Terenowa Stacja Szczecin Wojskowe Centrum Krwiodawstwa i Krwiolecznictwa SPZOZ71-422 Szczecinul. Piotra Skargi 8 czynne od poniedzia\u0142ku do pi\u0105tkuw godzinach 7:30 &#8211; 15:05rejestracja dawc\u00f3w 7:30 &#8211; 12:00 Uprzejmie informujemy, \u017ce w [&hellip;]<\/p>\n","protected":false},"author":1,"featured_media":0,"parent":11,"menu_order":0,"comment_status":"closed","ping_status":"closed","template":"","meta":{"_et_pb_use_builder":"on","_et_pb_old_content":"<h1><strong>Terenowa Stacja Szczecin<\/strong><\/h1>\r\n<b>Wojskowe Centrum Krwiodawstwa i Krwiolecznictwa SPZOZ\r\n<\/b>71-422 Szczecin\r\nul. Piotra Skargi 8\r\n\r\nczynne od poniedzia\u0142ku do pi\u0105tku\r\nw godzinach<strong> 7:30 - 15:05<\/strong>\r\nrejestracja dawc\u00f3w <strong>7:30 - 12:00<\/strong>\r\n\r\n<strong>Uprzejmie informujemy, \u017ce w zwi\u0105zku z realizacj\u0105 inwestycji na terenie szpitala, wjazd przez bram\u0119 gospodarcz\u0105 oraz parkowanie na terenie szpitala b\u0119d\u0105 niedost\u0119pne od dnia 14 kwietnia 2025 roku do odwo\u0142ania.<\/strong>\r\n<strong>Dzi\u0119kujemy za zrozumienie i przepraszamy za wszelkie niedogodno\u015bci, kt\u00f3re mog\u0105 wynikn\u0105\u0107 z tej sytuacji.<\/strong>\r\n\r\n<span style=\"color: #ff0000;\"><strong>Uwaga: W dniach 7.11.2025r., 10.11.2025r., 23.12.2025r., 31.12.2025r. oraz 02.01.2026r., 05.01.2026r. Terenowa Stacja Szczecin nie prowadzi poboru krwi. Zapraszamy w innym terminie.<\/strong><\/span>\r\n\r\n<strong><span style=\"color: #ff0000;\">UWAGA: W zwi\u0105zku ze zwi\u0119kszonym zapotrzebowaniem prosimy o oddawanie krwi gr. ARh-, BRh- oraz 0Rh-.<\/span><\/strong>\r\n\r\n<hr>\r\n\r\n<h3><b>Telefony kontaktowe:<\/b><\/h3>\r\n<strong>261 455 544 - Rejestracja dawc\u00f3w<\/strong>\r\n\r\n261 455 642 - kierownik TS WCKiK Szczecin - pp\u0142k lek. Arkadiusz SZYMCZAK\r\n\r\n<b>Ekspedycja - 261 455 643<\/b>\u00a0(ca\u0142odobowo)\r\n\r\ne-mail: szczecin@wckik.pl\r\n\r\nwww.szczecin.wckik.pl\r\n\r\n<hr>\r\n\r\n<h3>Stan zapas\u00f3w krwi:<\/h3>\r\n[wbcr_php_snippet id=\"229\"]\r\n\r\n<hr>\r\n\r\n<h3>Ekipy wyjazdowe:<\/h3>\r\n<table>\r\n<tbody>\r\n<tr>\r\n<td><strong>Lp<\/strong>.<\/td>\r\n<td><strong>Miejsce przeprowadzenia ekipowego poboru krwi<\/strong><\/td>\r\n<td><strong>Data<\/strong><\/td>\r\n<td><strong>Realizacja poboru w Stacji<\/strong><\/td>\r\n<\/tr>\r\n<tr>\r\n<td>1<\/td>\r\n<td>Nadle\u015bnictwo Mieszkowice, ul. Mory\u0144ska 1, 74-505 Mieszkowice (PO)<\/td>\r\n<td>08.10.2025 r.<\/td>\r\n<td>TAK<\/td>\r\n<\/tr>\r\n<tr>\r\n<td>2<\/td>\r\n<td>Hotel Radisson, Plac Rod\u0142a 10, 70-419 Szczecin (PO)<\/td>\r\n<td>11.10.2025 r.<\/td>\r\n<td>NIE<\/td>\r\n<\/tr>\r\n<tr>\r\n<td>3<\/td>\r\n<td>Wa\u0142eckie Centrum Kultury Plac Zes\u0142a\u0144c\u00f3w Sybiru 3, 78-600 Walcz (PO)<\/td>\r\n<td>17.10.2025 r.<\/td>\r\n<td>TAK<\/td>\r\n<\/tr>\r\n<\/tbody>\r\n<\/table>\r\n<strong>Galeria zdj\u0119\u0107:<\/strong>\r\n\r\n[ngg src=\"galleries\" ids=\"5\" display=\"basic_thumbnail\" thumbnail_crop=\"0\"]","_et_gb_content_width":"","ngg_post_thumbnail":0,"footnotes":""},"class_list":["post-102","page","type-page","status-publish","hentry"],"yoast_head":"<!-- This site is optimized with the Yoast SEO plugin v26.9 - https:\/\/yoast.com\/product\/yoast-seo-wordpress\/ -->\n<title>TS Szczecin - WCKiK<\/title>\n<meta name=\"description\" content=\"Wojskowe Centrum Krwiodawstwa i Krwiolecznictwa SPZOZ - TS Szczecin - Ul. Piotra Skargi 8, Szczecin. Czynne od poniedzia\u0142ku do pi\u0105tku w godzinach 7:30 \u2013 15:05rejestracja dawc\u00f3w 7:30 \u2013 12:00\" \/>\n<meta name=\"robots\" content=\"index, follow, max-snippet:-1, max-image-preview:large, max-video-preview:-1\" \/>\n<link rel=\"canonical\" href=\"https:\/\/wckik.pl\/wp\/ts\/szczecin\/\" \/>\n<meta property=\"og:locale\" content=\"pl_PL\" \/>\n<meta property=\"og:type\" content=\"article\" \/>\n<meta property=\"og:title\" content=\"TS Szczecin - WCKiK\" \/>\n<meta property=\"og:description\" content=\"Wojskowe Centrum Krwiodawstwa i Krwiolecznictwa SPZOZ - TS Szczecin - Ul. Piotra Skargi 8, Szczecin. Czynne od poniedzia\u0142ku do pi\u0105tku w godzinach 7:30 \u2013 15:05rejestracja dawc\u00f3w 7:30 \u2013 12:00\" \/>\n<meta property=\"og:url\" content=\"https:\/\/wckik.pl\/wp\/ts\/szczecin\/\" \/>\n<meta property=\"og:site_name\" content=\"WCKiK\" \/>\n<meta property=\"article:publisher\" content=\"https:\/\/www.facebook.com\/wckikspzoz\/?locale=pl_PL\" \/>\n<meta property=\"article:modified_time\" content=\"2026-04-22T08:10:01+00:00\" \/>\n<meta name=\"twitter:card\" content=\"summary_large_image\" \/>\n<meta name=\"twitter:site\" content=\"@WCKiK_SPZOZ\" \/>\n<meta name=\"twitter:label1\" content=\"Szacowany czas czytania\" \/>\n\t<meta name=\"twitter:data1\" content=\"5 minut\" \/>\n<script type=\"application\/ld+json\" class=\"yoast-schema-graph\">{\"@context\":\"https:\/\/schema.org\",\"@graph\":[{\"@type\":\"WebPage\",\"@id\":\"https:\/\/wckik.pl\/wp\/ts\/szczecin\/\",\"url\":\"https:\/\/wckik.pl\/wp\/ts\/szczecin\/\",\"name\":\"TS Szczecin - WCKiK\",\"isPartOf\":{\"@id\":\"https:\/\/wckik.pl\/wp\/#website\"},\"datePublished\":\"2021-06-30T09:15:38+00:00\",\"dateModified\":\"2026-04-22T08:10:01+00:00\",\"description\":\"Wojskowe Centrum Krwiodawstwa i Krwiolecznictwa SPZOZ - TS Szczecin - Ul. Piotra Skargi 8, Szczecin. Czynne od poniedzia\u0142ku do pi\u0105tku w godzinach 7:30 \u2013 15:05rejestracja dawc\u00f3w 7:30 \u2013 12:00\",\"breadcrumb\":{\"@id\":\"https:\/\/wckik.pl\/wp\/ts\/szczecin\/#breadcrumb\"},\"inLanguage\":\"pl-PL\",\"potentialAction\":[{\"@type\":\"ReadAction\",\"target\":[\"https:\/\/wckik.pl\/wp\/ts\/szczecin\/\"]}]},{\"@type\":\"BreadcrumbList\",\"@id\":\"https:\/\/wckik.pl\/wp\/ts\/szczecin\/#breadcrumb\",\"itemListElement\":[{\"@type\":\"ListItem\",\"position\":1,\"name\":\"Strona g\u0142\u00f3wna\",\"item\":\"https:\/\/wckik.pl\/wp\/\"},{\"@type\":\"ListItem\",\"position\":2,\"name\":\"Terenowe Stacje\",\"item\":\"https:\/\/wckik.pl\/wp\/ts\/\"},{\"@type\":\"ListItem\",\"position\":3,\"name\":\"TS Szczecin\"}]},{\"@type\":\"WebSite\",\"@id\":\"https:\/\/wckik.pl\/wp\/#website\",\"url\":\"https:\/\/wckik.pl\/wp\/\",\"name\":\"WCKiK\",\"description\":\"Wojskowe Centrum Krwiodawstwa i Krwiolecznictwa SPZOZ\",\"publisher\":{\"@id\":\"https:\/\/wckik.pl\/wp\/#organization\"},\"potentialAction\":[{\"@type\":\"SearchAction\",\"target\":{\"@type\":\"EntryPoint\",\"urlTemplate\":\"https:\/\/wckik.pl\/wp\/?s={search_term_string}\"},\"query-input\":{\"@type\":\"PropertyValueSpecification\",\"valueRequired\":true,\"valueName\":\"search_term_string\"}}],\"inLanguage\":\"pl-PL\"},{\"@type\":\"Organization\",\"@id\":\"https:\/\/wckik.pl\/wp\/#organization\",\"name\":\"WCKiK\",\"url\":\"https:\/\/wckik.pl\/wp\/\",\"logo\":{\"@type\":\"ImageObject\",\"inLanguage\":\"pl-PL\",\"@id\":\"https:\/\/wckik.pl\/wp\/#\/schema\/logo\/image\/\",\"url\":\"https:\/\/i0.wp.com\/wckik.pl\/wp\/wp-content\/uploads\/2019\/05\/cropped-WCKIK_logo-1.jpg?fit=479%2C495&ssl=1\",\"contentUrl\":\"https:\/\/i0.wp.com\/wckik.pl\/wp\/wp-content\/uploads\/2019\/05\/cropped-WCKIK_logo-1.jpg?fit=479%2C495&ssl=1\",\"width\":479,\"height\":495,\"caption\":\"WCKiK\"},\"image\":{\"@id\":\"https:\/\/wckik.pl\/wp\/#\/schema\/logo\/image\/\"},\"sameAs\":[\"https:\/\/www.facebook.com\/wckikspzoz\/?locale=pl_PL\",\"https:\/\/x.com\/WCKiK_SPZOZ\"]}]}<\/script>\n<!-- \/ Yoast SEO plugin. -->","yoast_head_json":{"title":"TS Szczecin - WCKiK","description":"Wojskowe Centrum Krwiodawstwa i Krwiolecznictwa SPZOZ - TS Szczecin - Ul. Piotra Skargi 8, Szczecin. Czynne od poniedzia\u0142ku do pi\u0105tku w godzinach 7:30 \u2013 15:05rejestracja dawc\u00f3w 7:30 \u2013 12:00","robots":{"index":"index","follow":"follow","max-snippet":"max-snippet:-1","max-image-preview":"max-image-preview:large","max-video-preview":"max-video-preview:-1"},"canonical":"https:\/\/wckik.pl\/wp\/ts\/szczecin\/","og_locale":"pl_PL","og_type":"article","og_title":"TS Szczecin - WCKiK","og_description":"Wojskowe Centrum Krwiodawstwa i Krwiolecznictwa SPZOZ - TS Szczecin - Ul. Piotra Skargi 8, Szczecin. Czynne od poniedzia\u0142ku do pi\u0105tku w godzinach 7:30 \u2013 15:05rejestracja dawc\u00f3w 7:30 \u2013 12:00","og_url":"https:\/\/wckik.pl\/wp\/ts\/szczecin\/","og_site_name":"WCKiK","article_publisher":"https:\/\/www.facebook.com\/wckikspzoz\/?locale=pl_PL","article_modified_time":"2026-04-22T08:10:01+00:00","twitter_card":"summary_large_image","twitter_site":"@WCKiK_SPZOZ","twitter_misc":{"Szacowany czas czytania":"5 minut"},"schema":{"@context":"https:\/\/schema.org","@graph":[{"@type":"WebPage","@id":"https:\/\/wckik.pl\/wp\/ts\/szczecin\/","url":"https:\/\/wckik.pl\/wp\/ts\/szczecin\/","name":"TS Szczecin - WCKiK","isPartOf":{"@id":"https:\/\/wckik.pl\/wp\/#website"},"datePublished":"2021-06-30T09:15:38+00:00","dateModified":"2026-04-22T08:10:01+00:00","description":"Wojskowe Centrum Krwiodawstwa i Krwiolecznictwa SPZOZ - TS Szczecin - Ul. Piotra Skargi 8, Szczecin. Czynne od poniedzia\u0142ku do pi\u0105tku w godzinach 7:30 \u2013 15:05rejestracja dawc\u00f3w 7:30 \u2013 12:00","breadcrumb":{"@id":"https:\/\/wckik.pl\/wp\/ts\/szczecin\/#breadcrumb"},"inLanguage":"pl-PL","potentialAction":[{"@type":"ReadAction","target":["https:\/\/wckik.pl\/wp\/ts\/szczecin\/"]}]},{"@type":"BreadcrumbList","@id":"https:\/\/wckik.pl\/wp\/ts\/szczecin\/#breadcrumb","itemListElement":[{"@type":"ListItem","position":1,"name":"Strona g\u0142\u00f3wna","item":"https:\/\/wckik.pl\/wp\/"},{"@type":"ListItem","position":2,"name":"Terenowe Stacje","item":"https:\/\/wckik.pl\/wp\/ts\/"},{"@type":"ListItem","position":3,"name":"TS Szczecin"}]},{"@type":"WebSite","@id":"https:\/\/wckik.pl\/wp\/#website","url":"https:\/\/wckik.pl\/wp\/","name":"WCKiK","description":"Wojskowe Centrum Krwiodawstwa i Krwiolecznictwa SPZOZ","publisher":{"@id":"https:\/\/wckik.pl\/wp\/#organization"},"potentialAction":[{"@type":"SearchAction","target":{"@type":"EntryPoint","urlTemplate":"https:\/\/wckik.pl\/wp\/?s={search_term_string}"},"query-input":{"@type":"PropertyValueSpecification","valueRequired":true,"valueName":"search_term_string"}}],"inLanguage":"pl-PL"},{"@type":"Organization","@id":"https:\/\/wckik.pl\/wp\/#organization","name":"WCKiK","url":"https:\/\/wckik.pl\/wp\/","logo":{"@type":"ImageObject","inLanguage":"pl-PL","@id":"https:\/\/wckik.pl\/wp\/#\/schema\/logo\/image\/","url":"https:\/\/i0.wp.com\/wckik.pl\/wp\/wp-content\/uploads\/2019\/05\/cropped-WCKIK_logo-1.jpg?fit=479%2C495&ssl=1","contentUrl":"https:\/\/i0.wp.com\/wckik.pl\/wp\/wp-content\/uploads\/2019\/05\/cropped-WCKIK_logo-1.jpg?fit=479%2C495&ssl=1","width":479,"height":495,"caption":"WCKiK"},"image":{"@id":"https:\/\/wckik.pl\/wp\/#\/schema\/logo\/image\/"},"sameAs":["https:\/\/www.facebook.com\/wckikspzoz\/?locale=pl_PL","https:\/\/x.com\/WCKiK_SPZOZ"]}]}},"jetpack_sharing_enabled":true,"_links":{"self":[{"href":"https:\/\/wckik.pl\/wp\/wp-json\/wp\/v2\/pages\/102","targetHints":{"allow":["GET"]}}],"collection":[{"href":"https:\/\/wckik.pl\/wp\/wp-json\/wp\/v2\/pages"}],"about":[{"href":"https:\/\/wckik.pl\/wp\/wp-json\/wp\/v2\/types\/page"}],"author":[{"embeddable":true,"href":"https:\/\/wckik.pl\/wp\/wp-json\/wp\/v2\/users\/1"}],"replies":[{"embeddable":true,"href":"https:\/\/wckik.pl\/wp\/wp-json\/wp\/v2\/comments?post=102"}],"version-history":[{"count":230,"href":"https:\/\/wckik.pl\/wp\/wp-json\/wp\/v2\/pages\/102\/revisions"}],"predecessor-version":[{"id":9357,"href":"https:\/\/wckik.pl\/wp\/wp-json\/wp\/v2\/pages\/102\/revisions\/9357"}],"up":[{"embeddable":true,"href":"https:\/\/wckik.pl\/wp\/wp-json\/wp\/v2\/pages\/11"}],"wp:attachment":[{"href":"https:\/\/wckik.pl\/wp\/wp-json\/wp\/v2\/media?parent=102"}],"curies":[{"name":"wp","href":"https:\/\/api.w.org\/{rel}","templated":true}]}}